{"id":172,"date":"2023-04-11T18:08:31","date_gmt":"2023-04-11T14:08:31","guid":{"rendered":"https:\/\/ambbaku.esteri.it\/chi-siamo\/la-rete-consolare\/"},"modified":"2023-09-27T11:43:05","modified_gmt":"2023-09-27T07:43:05","slug":"la-rete-consolare","status":"publish","type":"page","link":"https:\/\/ambbaku.esteri.it\/az\/chi-siamo\/la-rete-consolare\/","title":{"rendered":"Konsulluq \u015e\u0259b\u0259k\u0259si"},"content":{"rendered":"<p><strong>Konsulluq \u015e\u0259b\u0259k\u0259si<\/strong><\/p>\n<p>Viza qaydalar\u0131 v\u0259 \u0259cn\u0259bil\u0259rin \u0130taliyaya v\u0259 \u015eengen b\u00f6lg\u0259sin\u0259 giri\u015fi il\u0259 ba\u011fl\u0131 \u0259trafl\u0131 m\u0259lumat<\/p>\n<p>&nbsp;<\/p>\n<p><strong>KONSULUK \u015e\u018fB\u018fK\u018fS\u0130<\/strong><\/p>\n<p>Az\u0259rbaycanda konsulluq f\u0259aliyy\u0259ti \u0130taliya S\u0259firliyinin \u015f\u00f6b\u0259si t\u0259r\u0259find\u0259n h\u0259yata ke\u00e7irilir.<\/p>\n<p>Tel +994-12-4975133\/35 daxili. 131<br \/>\nFaks +994-12-4975202<br \/>\nTelefon v\u0259 birba\u015fa faks: +994-12-4971776<br \/>\ne-po\u00e7t: baku.consolare@esteri.it baku.visti@esteri.it<\/p>\n<p>&nbsp;<\/p>\n<p><strong>V\u0130ZA<\/strong><\/p>\n<p>\u0130taliyaya g\u0259lm\u0259k niyy\u0259tind\u0259 olan b\u00fct\u00fcn \u0259cn\u0259bi v\u0259t\u0259nda\u015flar n\u0259z\u0259rd\u0259 tutulan qalman\u0131n s\u0259b\u0259bini v\u0259 m\u00fcdd\u0259tini, habel\u0259 n\u0259z\u0259rd\u0259 tutulmu\u015f hallarda adekvat maliyy\u0259 v\u0259saitinin v\u0259 ya\u015fay\u0131\u015f \u015f\u0259raitinin olmas\u0131n\u0131 \u0259sasland\u0131ran t\u0259l\u0259b olunan s\u0259n\u0259dl\u0259ri s\u0259rh\u0259dl\u0259rd\u0259 g\u00f6st\u0259rm\u0259lidirl\u0259r. B\u0259zi hallarda onlar\u0131n da vizas\u0131 olmal\u0131d\u0131r. Sonuncu, ya\u015fad\u0131qlar\u0131 \u00f6lk\u0259d\u0259ki \u0130taliyan\u0131n diplomatik v\u0259 konsulluq n\u00fcmay\u0259nd\u0259likl\u0259rind\u0259n t\u0259l\u0259b oluna bil\u0259r.<\/p>\n<p>&nbsp;<\/p>\n<p><strong>S\u0130Z\u018f V\u0130ZA LAZIMDIR?<\/strong><\/p>\n<p>\u018fg\u0259r sizin v\u0259t\u0259nda\u015fl\u0131\u011f\u0131n\u0131z, daimi ya\u015fay\u0131\u015f \u00f6lk\u0259niz, qalma\u011f\u0131n\u0131z\u0131n m\u00fcdd\u0259ti v\u0259 s\u0259b\u0259bi il\u0259 ba\u011fl\u0131 \u0130taliyaya viza laz\u0131md\u0131rsa, sizi maraqland\u0131ran vizan\u0131 t\u0259l\u0259b etm\u0259k \u00fc\u00e7\u00fcn laz\u0131m olan s\u0259n\u0259dl\u0259ri bilm\u0259lisiniz. Vizalar s\u0259hif\u0259sin\u0259 daxil olun.<\/p>\n<p>&nbsp;<\/p>\n<p><strong>X\u018fB\u018fRDARLIQ<\/strong><br \/>\nT\u0259l\u0259b olunan s\u0259n\u0259dl\u0259rin t\u0259qdim edilm\u0259si m\u00fctl\u0259q viza verilm\u0259sin\u0259 s\u0259b\u0259b olmur.<\/p>\n<p>Vizan\u0131n qiym\u0259ti: 35 avro<\/p>\n<p>&nbsp;<\/p>\n<p><strong>XAR\u0130C\u0130L\u018fR \u00dc\u00c7\u00dcN VAC\u0130B M\u018fLUMAT<\/strong><\/p>\n<p>\u0130taliyaya daxil olduqdan sonra, h\u0259tta vizan\u0131z olsa bel\u0259, s\u0259rh\u0259d orqanlar\u0131 S\u0259n\u0259t\u0259 uy\u011fun olaraq vizan\u0131n \u00f6z\u00fcn\u00fcn al\u0131nmas\u0131 \u00fc\u00e7\u00fcn t\u0259l\u0259bl\u0259ri n\u00fcmayi\u015f etdirm\u0259yi sizd\u0259n yenid\u0259n t\u0259l\u0259b etm\u0259k s\u0259lahiyy\u0259tin\u0259 malikdir. 4 Birl\u0259\u015fdirilmi\u015f Qanunun 2-ci b\u0259ndi. n. 286\/98 v\u0259 sonrak\u0131 d\u00fcz\u0259li\u015fl\u0259r, vizan\u0131n verilm\u0259si il\u0259 birlikd\u0259, diplomatik v\u0259 ya konsulluq orqan\u0131 Siz\u0259 \u0130taliyaya giri\u015f v\u0259 ya\u015famaqla ba\u011fl\u0131 h\u00fcquq v\u0259 v\u0259zif\u0259l\u0259rinizi \u0259ks etdir\u0259n, x\u00fcsus\u0259n \u201cYa\u015fay\u0131\u015f icaz\u0259si\u201d t\u0259l\u0259bi v\u0259 ya \u201cM\u00f6vcudluq haqq\u0131nda B\u0259yannam\u0259\u201dnin verilm\u0259si \u00fc\u00e7\u00fcn n\u0259z\u0259rd\u0259 tutulan prosedurlarla ba\u011fl\u0131 yaz\u0131l\u0131 m\u0259lumat veril\u0259c\u0259k.<\/p>\n<p>&nbsp;<\/p>\n<p><strong>\u0130TAL\u0130YA V\u018fT\u018fNDA\u015eLARI \u00dc\u00c7\u00dcN KONSULUK X\u0130DM\u018fTL\u018fR\u0130<\/strong><\/p>\n<p>Yeni \u201c<a href=\"https:\/\/www.esteri.it\/en\/\">Konsulluq xidm\u0259tl\u0259rind\u0259n istifad\u0259 \u00fczr\u0259 b\u0259l\u0259d\u00e7i<\/a>\u201d il\u0259 m\u0259sl\u0259h\u0259tl\u0259\u015fm\u0259k m\u00fcmk\u00fcnd\u00fcr.<\/p>\n","protected":false},"excerpt":{"rendered":"Konsulluq \u015e\u0259b\u0259k\u0259si Viza qaydalar\u0131 v\u0259 \u0259cn\u0259bil\u0259rin \u0130taliyaya v\u0259 \u015eengen b\u00f6lg\u0259sin\u0259 giri\u015fi il\u0259 ba\u011fl\u0131 \u0259trafl\u0131 m\u0259lumat &nbsp; KONSULUK \u015e\u018fB\u018fK\u018fS\u0130 Az\u0259rbaycanda konsulluq f\u0259aliyy\u0259ti \u0130taliya S\u0259firliyinin \u015f\u00f6b\u0259si t\u0259r\u0259find\u0259n h\u0259yata ke\u00e7irilir. Tel +994-12-4975133\/35 daxili. 131 Faks +994-12-4975202 Telefon v\u0259 birba\u015fa faks: +994-12-4971776 e-po\u00e7t: baku.consolare@esteri.it baku.visti@esteri.it &nbsp; V\u0130ZA \u0130taliyaya g\u0259lm\u0259k niyy\u0259tind\u0259 olan b\u00fct\u00fcn \u0259cn\u0259bi v\u0259t\u0259nda\u015flar n\u0259z\u0259rd\u0259 tutulan qalman\u0131n s\u0259b\u0259bini v\u0259 [&hellip;]","protected":false},"author":1,"featured_media":0,"parent":162,"menu_order":8,"comment_status":"closed","ping_status":"closed","template":"","meta":{"footnotes":""},"class_list":["post-172","page","type-page","status-publish","hentry"],"_links":{"self":[{"href":"https:\/\/ambbaku.esteri.it\/az\/wp-json\/wp\/v2\/pages\/172","targetHints":{"allow":["GET"]}}],"collection":[{"href":"https:\/\/ambbaku.esteri.it\/az\/wp-json\/wp\/v2\/pages"}],"about":[{"href":"https:\/\/ambbaku.esteri.it\/az\/wp-json\/wp\/v2\/types\/page"}],"author":[{"embeddable":true,"href":"https:\/\/ambbaku.esteri.it\/az\/wp-json\/wp\/v2\/users\/1"}],"replies":[{"embeddable":true,"href":"https:\/\/ambbaku.esteri.it\/az\/wp-json\/wp\/v2\/comments?post=172"}],"version-history":[{"count":4,"href":"https:\/\/ambbaku.esteri.it\/az\/wp-json\/wp\/v2\/pages\/172\/revisions"}],"predecessor-version":[{"id":572,"href":"https:\/\/ambbaku.esteri.it\/az\/wp-json\/wp\/v2\/pages\/172\/revisions\/572"}],"up":[{"embeddable":true,"href":"https:\/\/ambbaku.esteri.it\/az\/wp-json\/wp\/v2\/pages\/162"}],"wp:attachment":[{"href":"https:\/\/ambbaku.esteri.it\/az\/wp-json\/wp\/v2\/media?parent=172"}],"curies":[{"name":"wp","href":"https:\/\/api.w.org\/{rel}","templated":true}]}}