{"id":224,"date":"2023-04-11T17:45:43","date_gmt":"2023-04-11T13:45:43","guid":{"rendered":"https:\/\/ambbaku.esteri.it\/news\/dall_ambasciata\/"},"modified":"2023-06-20T18:16:13","modified_gmt":"2023-06-20T14:16:13","slug":"dall_ambasciata","status":"publish","type":"page","link":"https:\/\/ambbaku.esteri.it\/az\/news\/dall_ambasciata\/","title":{"rendered":"S\u0259firlikd\u0259n"},"content":{"rendered":"        <div class=\"row\">\n\t\t\t<!-- Ricerca sedi post -->\n\t\t\t<div class=\"col-12 mt-4\">\n\t\t\t  <div class=\"callout callout-highlight note ricerca-esteri p-4\">\n                    <div class=\"callout-title\">\n                        <svg class=\"icon\">\n                            <use xlink:href=\"https:\/\/ambbaku.esteri.it\/wp-content\/themes\/sedi-tema\/assets\/svg\/sprites.svg#it-search\"><\/use>\n                        <\/svg>Axtar\u0131\u015f parametrl\u0259rini daxil edin                    <\/div>\n                    <form id=\"searchFormPost\" name=\"form-search-post\" class=\"form-row align-items-center\" action=\"https:\/\/ambbaku.esteri.it\/az\/wp-json\/wp\/v2\/pages\/224\/\" method=\"GET\"> \n                        <!-- <div class=\"form-group pt-5\"> -->\n                            <!-- <input type=\"hidden\" id=\"lang\" name=\"lang\" value=\"\"> --> <!-- <\/div> -->\n\n                        <div class=\"it-datepicker-wrapper\">\n                            <div class=\"row\">\n                                <div class=\"form-group col-md-6\">\n                                    <label class=\"active\" for=\"date-init\">Etibar\u0259n<\/label>\n                                    <input class=\"form-control\" name=\"date-init\" id=\"date-init\" type=\"date\" placeholder=\"gg\/mm\/aaaa\" value=\"\"lang=\"en-EN\">  \n                                <\/div>\n                                <div class=\"form-group col-md-6\">\n                                    <label class=\"active\" for=\"date-end\">\u00dc\u00e7\u00fcn<\/label>\n                                    <input class=\"form-control\" name=\"date-end\" id=\"date-end\" type=\"date\" placeholder=\"gg\/mm\/aaaa\" value=\"\">\n                                <\/div>\n                            <\/div>\n                        <\/div>\n                        <div class=\"form-group col-md-12 mt-3\">\n                            <label for=\"searchText\">Pulsuz axtar\u0131\u015f sah\u0259si<\/label>\n                            <input type=\"text\" name=\"searchText\" class=\"form-control\" id=\"searchText\" value=\"\">\n                        <\/div>\n                        <div class=\"form-group col-md-4 offset-md-8 text-end\">\n                            <a href=\"https:\/\/ambbaku.esteri.it\/az\/news\/dall_ambasciata\/\" title=\"Form reset\" id=\"resetImput\" class=\"btn btn-outline-primary btn-xs\">Reset<\/a>\n                            <button type=\"submit\" class=\"btn btn-primary btn-xs\">N\u0259tic\u0259l\u0259ri g\u00f6st\u0259rin<\/button>\n                        <\/div>\n                    <\/form>\n\t\t\t\t<\/div>\n\t\t\t<\/div>\n\t\t<\/div>\n                    \n            <div class=\"row\">\n                            <div class=\"col-12 mt-3\">\n                <!--start card-->\n                <div class=\"card-wrapper card-space\">\n                    <div class=\"card card-bg card-big border-bottom-card\">\n                        <div class=\"card-body \">\n                                                        <div class=\"category-top\">\n                                                                                                            <span class=\"\">\n                                        <svg class=\"icon icon-secondary\">\n                                            <use xlink:href=\"https:\/\/ambbaku.esteri.it\/wp-content\/themes\/sedi-tema\/assets\/svg\/sprites.svg#it-calendar\"><\/use>\n                                        <\/svg> 30 March 2026                                    <\/span>\n                                                                    <\/div>\n                            <h5 class=\"card-title big-heading text-uppercase\"><a class=\"text-body text-decoration-none\" href=\"https:\/\/ambbaku.esteri.it\/az\/news\/dall_ambasciata\/2026\/03\/italyan-medeniyyetinin-tesviqi-ile-elaqedar-2026-ci-il-teqviminde-nezerde-tutulan-italyan-medeniyyet-tedbirlerinin-sponsorlasdirilmasi-ile-bagli-elan\/\" title=\"\u0130TALYAN M\u018fD\u018fN\u0130YY\u018fT\u0130N\u0130N T\u018f\u015eV\u0130Q\u0130 \u0130L\u018f \u018fLAQ\u018fDAR 2026-CI \u0130L T\u018fQV\u0130M\u0130ND\u018f N\u018fZ\u018fRD\u018f TUTULAN \u0130TALYAN M\u018fD\u018fN\u0130YY\u018fT T\u018fDB\u0130RL\u018fR\u0130N\u0130N SPONSORLA\u015eDIRILMASI \u0130L\u018f BA\u011eLI ELAN\">\u0130TALYAN M\u018fD\u018fN\u0130YY\u018fT\u0130N\u0130N T\u018f\u015eV\u0130Q\u0130 \u0130L\u018f \u018fLAQ\u018fDAR 2026-CI \u0130L T\u018fQV\u0130M\u0130ND\u018f N\u018fZ\u018fRD\u018f TUTULAN \u0130TALYAN M\u018fD\u018fN\u0130YY\u018fT T\u018fDB\u0130RL\u018fR\u0130N\u0130N SPONSORLA\u015eDIRILMASI \u0130L\u018f BA\u011eLI ELAN<\/a><\/h5>\n                            <p class=\"card-text\">\u0130taliyan\u0131n Az\u0259rbaycandak\u0131 S\u0259firliyi t\u0259r\u0259find\u0259n 2026-c\u0131 il \u0259rzind\u0259 ke\u00e7iril\u0259c\u0259k \u0130taliya m\u0259d\u0259niyy\u0259t t\u0259dbirl\u0259ri \u00fc\u00e7\u00fcn sponsorluq m\u00fcqavil\u0259si il\u0259 ba\u011fl\u0131 elan (\u0259lav\u0259d\u0259) verilmi\u015fdir. Sponsorluq t\u0259klifi maraql\u0131 t\u0259r\u0259fl\u0259r t\u0259r\u0259find\u0259n 30 g\u00fcn \u0259rzind\u0259 bildiri\u015fin alt\u0131ndak\u0131 \u0259riz\u0259 formas\u0131n\u0131 dolduraraq adi po\u00e7t v\u0259 ya e-po\u00e7t vasit\u0259sil\u0259 ambasciata.baku@esteri.it v\u0259 cc segreteria.baku@esteri.it \u00fcnvanlar\u0131na g\u00f6nd\u0259rm\u0259kl\u0259 t\u0259qdim edilm\u0259lidir.Sponsorluq elani 2026<\/p>\n                                <a title=\"\u0130TALYAN M\u018fD\u018fN\u0130YY\u018fT\u0130N\u0130N T\u018f\u015eV\u0130Q\u0130 \u0130L\u018f \u018fLAQ\u018fDAR 2026-CI \u0130L T\u018fQV\u0130M\u0130ND\u018f N\u018fZ\u018fRD\u018f TUTULAN \u0130TALYAN M\u018fD\u018fN\u0130YY\u018fT T\u018fDB\u0130RL\u018fR\u0130N\u0130N SPONSORLA\u015eDIRILMASI \u0130L\u018f BA\u011eLI ELAN\" class=\"read-more\" href=\"https:\/\/ambbaku.esteri.it\/az\/news\/dall_ambasciata\/2026\/03\/italyan-medeniyyetinin-tesviqi-ile-elaqedar-2026-ci-il-teqviminde-nezerde-tutulan-italyan-medeniyyet-tedbirlerinin-sponsorlasdirilmasi-ile-bagli-elan\/\">\n                                    <span class=\"text\">Daha \u00e7ox oxu<\/span>\n                                    <svg class=\"icon\">\n                                    <use xlink:href=\"https:\/\/ambbaku.esteri.it\/wp-content\/themes\/sedi-tema\/assets\/svg\/sprites.svg#it-arrow-right\"><\/use>\n                                    <\/svg>\n                                <\/a>\n                                                    <\/div>\n                    <\/div>\n                <\/div>\n                <!--end card-->\n                <\/div><!-- col-12 .mt-3-->\n                            <div class=\"col-12 mt-3\">\n                <!--start card-->\n                <div class=\"card-wrapper card-space\">\n                    <div class=\"card card-bg card-big border-bottom-card\">\n                        <div class=\"card-body \">\n                                                        <div class=\"category-top\">\n                                                                                                            <span class=\"\">\n                                        <svg class=\"icon icon-secondary\">\n                                            <use xlink:href=\"https:\/\/ambbaku.esteri.it\/wp-content\/themes\/sedi-tema\/assets\/svg\/sprites.svg#it-calendar\"><\/use>\n                                        <\/svg> 26 March 2026                                    <\/span>\n                                                                    <\/div>\n                            <h5 class=\"card-title big-heading text-uppercase\"><a class=\"text-body text-decoration-none\" href=\"https:\/\/ambbaku.esteri.it\/az\/news\/dall_ambasciata\/2026\/03\/conflitto-in-iran-numero-di-emergenza-994-502106054-conflict-in-iran-emergency-number\/\" title=\"CONFLITTO IN IRAN \u2013 NUMERO DI EMERGENZA +994-502106054 (CONFLICT IN IRAN \u2013 EMERGENCY NUMBER)\">CONFLITTO IN IRAN \u2013 NUMERO DI EMERGENZA +994-502106054 (CONFLICT IN IRAN \u2013 EMERGENCY NUMBER)<\/a><\/h5>\n                            <p class=\"card-text\">A seguito degli sviluppi del conflitto in Iran e nella Regione, in caso di urgenza l&#8217;Ambasciata rimane reperibile al numero di emergenza +994-502106054. &nbsp; *** &nbsp; Following developments in the conflict in Iran and the Region, in case of emergency the Embassy remains available at the emergency number +994-502106054.<\/p>\n                                <a title=\"CONFLITTO IN IRAN \u2013 NUMERO DI EMERGENZA +994-502106054 (CONFLICT IN IRAN \u2013 EMERGENCY NUMBER)\" class=\"read-more\" href=\"https:\/\/ambbaku.esteri.it\/az\/news\/dall_ambasciata\/2026\/03\/conflitto-in-iran-numero-di-emergenza-994-502106054-conflict-in-iran-emergency-number\/\">\n                                    <span class=\"text\">Daha \u00e7ox oxu<\/span>\n                                    <svg class=\"icon\">\n                                    <use xlink:href=\"https:\/\/ambbaku.esteri.it\/wp-content\/themes\/sedi-tema\/assets\/svg\/sprites.svg#it-arrow-right\"><\/use>\n                                    <\/svg>\n                                <\/a>\n                                                    <\/div>\n                    <\/div>\n                <\/div>\n                <!--end card-->\n                <\/div><!-- col-12 .mt-3-->\n                            <div class=\"col-12 mt-3\">\n                <!--start card-->\n                <div class=\"card-wrapper card-space\">\n                    <div class=\"card card-bg card-big border-bottom-card\">\n                        <div class=\"card-body \">\n                                                        <div class=\"category-top\">\n                                                                                                            <span class=\"\">\n                                        <svg class=\"icon icon-secondary\">\n                                            <use xlink:href=\"https:\/\/ambbaku.esteri.it\/wp-content\/themes\/sedi-tema\/assets\/svg\/sprites.svg#it-calendar\"><\/use>\n                                        <\/svg> 13 March 2026                                    <\/span>\n                                                                    <\/div>\n                            <h5 class=\"card-title big-heading text-uppercase\"><a class=\"text-body text-decoration-none\" href=\"https:\/\/ambbaku.esteri.it\/az\/news\/dall_ambasciata\/2026\/03\/borse-di-studio-offerte-dal-governo-italiano-a-studenti-stranieri-e-italiani-residenti-allestero-ire-2026-2027\/\" title=\"SCHOLARSHIPS FOR FOREIGN STUDENTS AND ITALIAN CITIZENS LIVING ABROAD (IRE)  AWARDED BY THE ITALIAN GOVERNMENT 2026 &#8211; 2027\">SCHOLARSHIPS FOR FOREIGN STUDENTS AND ITALIAN CITIZENS LIVING ABROAD (IRE)  AWARDED BY THE ITALIAN GOVERNMENT 2026 &#8211; 2027<\/a><\/h5>\n                            <p class=\"card-text\">The Ministry of Foreign Affairs and International Cooperation (MAECI) is offering scholarships to foreign and Italian students residing abroad (IRE) for the 2026-2027 academic year, with the aim of promoting cooperation in the cultural, scientific, and technological fields, the projection of Italy&#8217;s economic system worldwide, and the dissemination of knowledge of the Italian language and [&hellip;]<\/p>\n                                <a title=\"SCHOLARSHIPS FOR FOREIGN STUDENTS AND ITALIAN CITIZENS LIVING ABROAD (IRE)  AWARDED BY THE ITALIAN GOVERNMENT 2026 &#8211; 2027\" class=\"read-more\" href=\"https:\/\/ambbaku.esteri.it\/az\/news\/dall_ambasciata\/2026\/03\/borse-di-studio-offerte-dal-governo-italiano-a-studenti-stranieri-e-italiani-residenti-allestero-ire-2026-2027\/\">\n                                    <span class=\"text\">Daha \u00e7ox oxu<\/span>\n                                    <svg class=\"icon\">\n                                    <use xlink:href=\"https:\/\/ambbaku.esteri.it\/wp-content\/themes\/sedi-tema\/assets\/svg\/sprites.svg#it-arrow-right\"><\/use>\n                                    <\/svg>\n                                <\/a>\n                                                    <\/div>\n                    <\/div>\n                <\/div>\n                <!--end card-->\n                <\/div><!-- col-12 .mt-3-->\n                            <div class=\"col-12 mt-3\">\n                <!--start card-->\n                <div class=\"card-wrapper card-space\">\n                    <div class=\"card card-bg card-big border-bottom-card\">\n                        <div class=\"card-body \">\n                                                        <div class=\"category-top\">\n                                                                                                            <span class=\"\">\n                                        <svg class=\"icon icon-secondary\">\n                                            <use xlink:href=\"https:\/\/ambbaku.esteri.it\/wp-content\/themes\/sedi-tema\/assets\/svg\/sprites.svg#it-calendar\"><\/use>\n                                        <\/svg> 5 February 2026                                    <\/span>\n                                                                    <\/div>\n                            <h5 class=\"card-title big-heading text-uppercase\"><a class=\"text-body text-decoration-none\" href=\"https:\/\/ambbaku.esteri.it\/az\/news\/dall_ambasciata\/2026\/02\/elan-giris-vizalarinin-q%c9%99bulu-v%c9%99-verilm%c9%99si-il%c9%99-bagli-vis-informasiya-sisteminin-muv%c9%99qq%c9%99ti-f%c9%99aliyy%c9%99tinin-dayandirilmasi\/\" title=\"ELAN. Giri\u015f vizalar\u0131n\u0131n q\u0259bulu v\u0259 verilm\u0259si il\u0259 ba\u011fl\u0131 VIS informasiya sisteminin m\u00fcv\u0259qq\u0259ti f\u0259aliyy\u0259tinin dayand\u0131r\u0131lmas\u0131\">ELAN. Giri\u015f vizalar\u0131n\u0131n q\u0259bulu v\u0259 verilm\u0259si il\u0259 ba\u011fl\u0131 VIS informasiya sisteminin m\u00fcv\u0259qq\u0259ti f\u0259aliyy\u0259tinin dayand\u0131r\u0131lmas\u0131<\/a><\/h5>\n                            <p class=\"card-text\">M\u0259lumat \u00fc\u00e7\u00fcn bildirilir ki, 12 fevral 2026-c\u0131 il saat 21:00-dan 18 fevral 2026-c\u0131 il saat 03:00-d\u0259k VIS (Viza \u0130nformasiya Sistemi) informasiya sistemi planla\u015fd\u0131r\u0131lm\u0131\u015f v\u0259 t\u0259xir\u0259sal\u0131nmaz texniki i\u015fl\u0259r il\u0259 \u0259laq\u0259dar olaraq m\u00fcv\u0259qq\u0259ti olaraq f\u0259aliyy\u0259t g\u00f6st\u0259rm\u0259y\u0259c\u0259kdir. Qeyd olunan m\u00fcdd\u0259t \u0259rzind\u0259 giri\u015f vizalar\u0131 \u00fczr\u0259 m\u00fcraci\u0259tl\u0259rin q\u0259bulu v\u0259 i\u015fl\u0259nm\u0259si, habel\u0259 vizalar\u0131n verilm\u0259si prosesi m\u00fcv\u0259qq\u0259ti dayand\u0131r\u0131lacaqd\u0131r. S\u00f6z\u00fcged\u0259n fasil\u0259 \u0130taliyan\u0131n Bak\u0131dak\u0131 [&hellip;]<\/p>\n                                <a title=\"ELAN. Giri\u015f vizalar\u0131n\u0131n q\u0259bulu v\u0259 verilm\u0259si il\u0259 ba\u011fl\u0131 VIS informasiya sisteminin m\u00fcv\u0259qq\u0259ti f\u0259aliyy\u0259tinin dayand\u0131r\u0131lmas\u0131\" class=\"read-more\" href=\"https:\/\/ambbaku.esteri.it\/az\/news\/dall_ambasciata\/2026\/02\/elan-giris-vizalarinin-q%c9%99bulu-v%c9%99-verilm%c9%99si-il%c9%99-bagli-vis-informasiya-sisteminin-muv%c9%99qq%c9%99ti-f%c9%99aliyy%c9%99tinin-dayandirilmasi\/\">\n                                    <span class=\"text\">Daha \u00e7ox oxu<\/span>\n                                    <svg class=\"icon\">\n                                    <use xlink:href=\"https:\/\/ambbaku.esteri.it\/wp-content\/themes\/sedi-tema\/assets\/svg\/sprites.svg#it-arrow-right\"><\/use>\n                                    <\/svg>\n                                <\/a>\n                                                    <\/div>\n                    <\/div>\n                <\/div>\n                <!--end card-->\n                <\/div><!-- col-12 .mt-3-->\n                            <div class=\"col-12 mt-3\">\n                <!--start card-->\n                <div class=\"card-wrapper card-space\">\n                    <div class=\"card card-bg card-big border-bottom-card\">\n                        <div class=\"card-body \">\n                                                        <div class=\"category-top\">\n                                                                                                            <span class=\"\">\n                                        <svg class=\"icon icon-secondary\">\n                                            <use xlink:href=\"https:\/\/ambbaku.esteri.it\/wp-content\/themes\/sedi-tema\/assets\/svg\/sprites.svg#it-calendar\"><\/use>\n                                        <\/svg> 25 November 2025                                    <\/span>\n                                                                    <\/div>\n                            <h5 class=\"card-title big-heading text-uppercase\"><a class=\"text-body text-decoration-none\" href=\"https:\/\/ambbaku.esteri.it\/az\/news\/dall_ambasciata\/2025\/11\/qadin-zorakiligina-qarsi-mubarize-gunu\/\" title=\"QADIN ZORAKILI\u011eINA QAR\u015eI M\u00dcBARIZ\u018f G\u00dcN\u00dc\">QADIN ZORAKILI\u011eINA QAR\u015eI M\u00dcBARIZ\u018f G\u00dcN\u00dc<\/a><\/h5>\n                            <p class=\"card-text\">Qad\u0131nlara qar\u015f\u0131 zorak\u0131l\u0131\u011f\u0131n aradan qald\u0131r\u0131lmas\u0131 \u00fczr\u0259 Beyn\u0259lxalq G\u00fcn m\u00fcnasib\u0259til\u0259, \u0130taliyan\u0131n Xarici \u0130\u015fl\u0259r v\u0259 Beyn\u0259lxalq \u018fm\u0259kda\u015fl\u0131q Naziri Antonio Tajani \u0130taliyan\u0131n v\u0259 Farnesina-n\u0131n h\u0259m \u00f6lk\u0259 daxilind\u0259, h\u0259m d\u0259 d\u00fcnyada qad\u0131nlara qar\u015f\u0131 h\u0259r c\u00fcr zorak\u0131l\u0131\u011f\u0131n v\u0259 ayr\u0131-se\u00e7kiliyin qar\u015f\u0131s\u0131n\u0131n al\u0131nmas\u0131 v\u0259 onunla m\u00fcbariz\u0259 apar\u0131lmas\u0131 istiqam\u0259tind\u0259 davaml\u0131 \u00f6hd\u0259liyini bir daha t\u0259sdiq edir. \u201cQad\u0131nlara qar\u015f\u0131 zorak\u0131l\u0131q insan h\u00fcquqlar\u0131n\u0131n q\u0259buledilm\u0259z pozuntusudur v\u0259 [&hellip;]<\/p>\n                                <a title=\"QADIN ZORAKILI\u011eINA QAR\u015eI M\u00dcBARIZ\u018f G\u00dcN\u00dc\" class=\"read-more\" href=\"https:\/\/ambbaku.esteri.it\/az\/news\/dall_ambasciata\/2025\/11\/qadin-zorakiligina-qarsi-mubarize-gunu\/\">\n                                    <span class=\"text\">Daha \u00e7ox oxu<\/span>\n                                    <svg class=\"icon\">\n                                    <use xlink:href=\"https:\/\/ambbaku.esteri.it\/wp-content\/themes\/sedi-tema\/assets\/svg\/sprites.svg#it-arrow-right\"><\/use>\n                                    <\/svg>\n                                <\/a>\n                                                    <\/div>\n                    <\/div>\n                <\/div>\n                <!--end card-->\n                <\/div><!-- col-12 .mt-3-->\n                            <div class=\"col-12 mt-3\">\n                <!--start card-->\n                <div class=\"card-wrapper card-space\">\n                    <div class=\"card card-bg card-big border-bottom-card\">\n                        <div class=\"card-body \">\n                                                        <div class=\"category-top\">\n                                                                                                            <span class=\"\">\n                                        <svg class=\"icon icon-secondary\">\n                                            <use xlink:href=\"https:\/\/ambbaku.esteri.it\/wp-content\/themes\/sedi-tema\/assets\/svg\/sprites.svg#it-calendar\"><\/use>\n                                        <\/svg> 13 November 2025                                    <\/span>\n                                                                    <\/div>\n                            <h5 class=\"card-title big-heading text-uppercase\"><a class=\"text-body text-decoration-none\" href=\"https:\/\/ambbaku.esteri.it\/az\/news\/dall_ambasciata\/2025\/11\/termine-ultimo-per-presentare-domanda-di-visto-studio-deadline-to-apply-for-study-visa\/\" title=\"TERMINE ULTIMO PER PRESENTARE DOMANDA DI VISTO STUDIO (DEADLINE TO APPLY FOR STUDY VISA)\">TERMINE ULTIMO PER PRESENTARE DOMANDA DI VISTO STUDIO (DEADLINE TO APPLY FOR STUDY VISA)<\/a><\/h5>\n                            <p class=\"card-text\">Si ricorda agli studenti universitari iscritti all&#8217;anno accademico 2025\/2026 che il termine ultimo per presentare domanda di visto studio \u00e8 il 28 novembre. &nbsp; 2025\/2026-c\u0131 t\u0259dris ilind\u0259 t\u0259hsil alan universitet t\u0259l\u0259b\u0259l\u0259rin\u0259 t\u0259hsil vizas\u0131 \u00fczr\u0259 m\u00fcraci\u0259t \u00fc\u00e7\u00fcn son tarixin 28 noyabr 2025-ci il oldu\u011fu xat\u0131rlad\u0131l\u0131r. &nbsp; We recall to all University students enrolled to the academic [&hellip;]<\/p>\n                                <a title=\"TERMINE ULTIMO PER PRESENTARE DOMANDA DI VISTO STUDIO (DEADLINE TO APPLY FOR STUDY VISA)\" class=\"read-more\" href=\"https:\/\/ambbaku.esteri.it\/az\/news\/dall_ambasciata\/2025\/11\/termine-ultimo-per-presentare-domanda-di-visto-studio-deadline-to-apply-for-study-visa\/\">\n                                    <span class=\"text\">Daha \u00e7ox oxu<\/span>\n                                    <svg class=\"icon\">\n                                    <use xlink:href=\"https:\/\/ambbaku.esteri.it\/wp-content\/themes\/sedi-tema\/assets\/svg\/sprites.svg#it-arrow-right\"><\/use>\n                                    <\/svg>\n                                <\/a>\n                                                    <\/div>\n                    <\/div>\n                <\/div>\n                <!--end card-->\n                <\/div><!-- col-12 .mt-3-->\n                            <div class=\"col-12 mt-3\">\n                <!--start card-->\n                <div class=\"card-wrapper card-space\">\n                    <div class=\"card card-bg card-big border-bottom-card\">\n                        <div class=\"card-body \">\n                                                        <div class=\"category-top\">\n                                                                                                            <span class=\"\">\n                                        <svg class=\"icon icon-secondary\">\n                                            <use xlink:href=\"https:\/\/ambbaku.esteri.it\/wp-content\/themes\/sedi-tema\/assets\/svg\/sprites.svg#it-calendar\"><\/use>\n                                        <\/svg> 12 November 2025                                    <\/span>\n                                                                    <\/div>\n                            <h5 class=\"card-title big-heading text-uppercase\"><a class=\"text-body text-decoration-none\" href=\"https:\/\/ambbaku.esteri.it\/az\/news\/dall_ambasciata\/2025\/11\/call-for-application-open-greening-energy-market-and-finance-erasmus-mundus-joint-master-2026-2027-deadline-january-8-2026\/\" title=\"CALL FOR APPLICATION OPEN &#8211; Greening Energy Market and Finance &#8211; Erasmus Mundus Joint Master 2026-2027 &#8211; Deadline January 8, 2026\">CALL FOR APPLICATION OPEN &#8211; Greening Energy Market and Finance &#8211; Erasmus Mundus Joint Master 2026-2027 &#8211; Deadline January 8, 2026<\/a><\/h5>\n                            <p class=\"card-text\">Greening Energy Market and Finance Erasmus Mundus Joint Master An \u201cErasmus+ Erasmus Mundus Joint Master\u201d programme ABOUT GRENFIN-EMJM Greening Energy Market and Finance &#8211; GrEnFIn\u00a0is a\u00a024-month Erasmus Mundus Joint Master\u00a0offering\u00a0120 ECTS, culminating in a\u00a0multiple degree issued by three partner universities: UNIBO, Alma Mater Studiorum Universit\u00e0 di Bologna, Italy, programme coordinator LMU, Ludwig-Maximilians-Universit\u00e4t M\u00fcnchen, Germany, full [&hellip;]<\/p>\n                                <a title=\"CALL FOR APPLICATION OPEN &#8211; Greening Energy Market and Finance &#8211; Erasmus Mundus Joint Master 2026-2027 &#8211; Deadline January 8, 2026\" class=\"read-more\" href=\"https:\/\/ambbaku.esteri.it\/az\/news\/dall_ambasciata\/2025\/11\/call-for-application-open-greening-energy-market-and-finance-erasmus-mundus-joint-master-2026-2027-deadline-january-8-2026\/\">\n                                    <span class=\"text\">Daha \u00e7ox oxu<\/span>\n                                    <svg class=\"icon\">\n                                    <use xlink:href=\"https:\/\/ambbaku.esteri.it\/wp-content\/themes\/sedi-tema\/assets\/svg\/sprites.svg#it-arrow-right\"><\/use>\n                                    <\/svg>\n                                <\/a>\n                                                    <\/div>\n                    <\/div>\n                <\/div>\n                <!--end card-->\n                <\/div><!-- col-12 .mt-3-->\n                            <div class=\"col-12 mt-3\">\n                <!--start card-->\n                <div class=\"card-wrapper card-space\">\n                    <div class=\"card card-bg card-big border-bottom-card\">\n                        <div class=\"card-body \">\n                                                        <div class=\"category-top\">\n                                                                                                            <span class=\"\">\n                                        <svg class=\"icon icon-secondary\">\n                                            <use xlink:href=\"https:\/\/ambbaku.esteri.it\/wp-content\/themes\/sedi-tema\/assets\/svg\/sprites.svg#it-calendar\"><\/use>\n                                        <\/svg> 14 October 2025                                    <\/span>\n                                                                    <\/div>\n                            <h5 class=\"card-title big-heading text-uppercase\"><a class=\"text-body text-decoration-none\" href=\"https:\/\/ambbaku.esteri.it\/az\/news\/dall_ambasciata\/2025\/10\/avviso-di-assunzione-impiegato-a-contratto\/\" title=\"Avviso di assunzione impiegato a contratto\">Avviso di assunzione impiegato a contratto<\/a><\/h5>\n                            <p class=\"card-text\">E\u2019 indetta una procedura di selezione per l\u2019assunzione di n. 1 impiegato a contratto da adibire ai servizi di assistente amministrativo. Le domande di ammissione alle prove di assunzione dovranno essere presentate entro e non oltre le ore 23:59 del giorno 13.11.2025. L\u2019avviso di assunzione pu\u00f2 essere scaricato cliccando qui. Il modello per la presentazione [&hellip;]<\/p>\n                                <a title=\"Avviso di assunzione impiegato a contratto\" class=\"read-more\" href=\"https:\/\/ambbaku.esteri.it\/az\/news\/dall_ambasciata\/2025\/10\/avviso-di-assunzione-impiegato-a-contratto\/\">\n                                    <span class=\"text\">Daha \u00e7ox oxu<\/span>\n                                    <svg class=\"icon\">\n                                    <use xlink:href=\"https:\/\/ambbaku.esteri.it\/wp-content\/themes\/sedi-tema\/assets\/svg\/sprites.svg#it-arrow-right\"><\/use>\n                                    <\/svg>\n                                <\/a>\n                                                    <\/div>\n                    <\/div>\n                <\/div>\n                <!--end card-->\n                <\/div><!-- col-12 .mt-3-->\n                            <div class=\"col-12 mt-3\">\n                <!--start card-->\n                <div class=\"card-wrapper card-space\">\n                    <div class=\"card card-bg card-big border-bottom-card\">\n                        <div class=\"card-body \">\n                                                        <div class=\"category-top\">\n                                                                                                            <span class=\"\">\n                                        <svg class=\"icon icon-secondary\">\n                                            <use xlink:href=\"https:\/\/ambbaku.esteri.it\/wp-content\/themes\/sedi-tema\/assets\/svg\/sprites.svg#it-calendar\"><\/use>\n                                        <\/svg> 10 October 2025                                    <\/span>\n                                                                    <\/div>\n                            <h5 class=\"card-title big-heading text-uppercase\"><a class=\"text-body text-decoration-none\" href=\"https:\/\/ambbaku.esteri.it\/az\/news\/dall_ambasciata\/2025\/10\/giris-cixis-sistemi-f%c9%99aliyy%c9%99t%c9%99-baslayir\/\" title=\"Giri\u015f\/\u00e7\u0131x\u0131\u015f sistemi f\u0259aliyy\u0259t\u0259 ba\u015flay\u0131r\">Giri\u015f\/\u00e7\u0131x\u0131\u015f sistemi f\u0259aliyy\u0259t\u0259 ba\u015flay\u0131r<\/a><\/h5>\n                            <p class=\"card-text\">Avropa \u0130ttifaq\u0131n\u0131n Giri\u015f\/\u00c7\u0131x\u0131\u015f Sistemi (EES) 12 oktyabr 2025-ci il tarixind\u0259n q\u00fcvv\u0259y\u0259 min\u0259c\u0259k. Bu sistem \u015eengen zonas\u0131n\u0131n xarici s\u0259rh\u0259dl\u0259rini ke\u00e7\u0259n \u00fc\u00e7\u00fcnc\u00fc \u00f6lk\u0259 v\u0259t\u0259nda\u015flar\u0131n\u0131n q\u0131sam\u00fcdd\u0259tli qalmaq \u00fc\u00e7\u00fcn \u00f6lk\u0259y\u0259 giri\u015f v\u0259 \u00e7\u0131x\u0131\u015f\u0131n\u0131 elektron \u015f\u0259kild\u0259 qeydiyyata almaq \u00fc\u00e7\u00fcn n\u0259z\u0259rd\u0259 tutulub. Qeydiyyat h\u0259m q\u0131sam\u00fcdd\u0259tli viza t\u0259l\u0259b ed\u0259n xarici v\u0259t\u0259nda\u015flar, h\u0259m d\u0259 ondan azad olanlar \u00fc\u00e7\u00fcn m\u0259cburidir. \u201cQ\u0131sam\u00fcdd\u0259tli s\u0259f\u0259rl\u0259r\u201d dedikd\u0259 EES-d\u0259n [&hellip;]<\/p>\n                                <a title=\"Giri\u015f\/\u00e7\u0131x\u0131\u015f sistemi f\u0259aliyy\u0259t\u0259 ba\u015flay\u0131r\" class=\"read-more\" href=\"https:\/\/ambbaku.esteri.it\/az\/news\/dall_ambasciata\/2025\/10\/giris-cixis-sistemi-f%c9%99aliyy%c9%99t%c9%99-baslayir\/\">\n                                    <span class=\"text\">Daha \u00e7ox oxu<\/span>\n                                    <svg class=\"icon\">\n                                    <use xlink:href=\"https:\/\/ambbaku.esteri.it\/wp-content\/themes\/sedi-tema\/assets\/svg\/sprites.svg#it-arrow-right\"><\/use>\n                                    <\/svg>\n                                <\/a>\n                                                    <\/div>\n                    <\/div>\n                <\/div>\n                <!--end card-->\n                <\/div><!-- col-12 .mt-3-->\n                            <div class=\"col-12 mt-3\">\n                <!--start card-->\n                <div class=\"card-wrapper card-space\">\n                    <div class=\"card card-bg card-big border-bottom-card\">\n                        <div class=\"card-body \">\n                                                        <div class=\"category-top\">\n                                                                                                            <span class=\"\">\n                                        <svg class=\"icon icon-secondary\">\n                                            <use xlink:href=\"https:\/\/ambbaku.esteri.it\/wp-content\/themes\/sedi-tema\/assets\/svg\/sprites.svg#it-calendar\"><\/use>\n                                        <\/svg> 12 September 2025                                    <\/span>\n                                                                    <\/div>\n                            <h5 class=\"card-title big-heading text-uppercase\"><a class=\"text-body text-decoration-none\" href=\"https:\/\/ambbaku.esteri.it\/az\/news\/dall_ambasciata\/2025\/09\/linguist-dil-m%c9%99rk%c9%99zi\/\" title=\"Linguist Dil m\u0259rk\u0259zi\">Linguist Dil m\u0259rk\u0259zi<\/a><\/h5>\n                            <p class=\"card-text\">Maraqlanan \u015f\u0259xsl\u0259r\u0259 m\u0259lumat verilir ki, Siena Universiteti il\u0259 m\u00fcvafiq m\u00fcqavil\u0259 uzad\u0131lmad\u0131\u011f\u0131ndan, Linqvist Dil M\u0259rk\u0259zi art\u0131q CILS \u0130mtahan m\u0259rk\u0259zi kimi f\u0259aliyy\u0259t g\u00f6rt\u0259rmir.<\/p>\n                                <a title=\"Linguist Dil m\u0259rk\u0259zi\" class=\"read-more\" href=\"https:\/\/ambbaku.esteri.it\/az\/news\/dall_ambasciata\/2025\/09\/linguist-dil-m%c9%99rk%c9%99zi\/\">\n                                    <span class=\"text\">Daha \u00e7ox oxu<\/span>\n                                    <svg class=\"icon\">\n                                    <use xlink:href=\"https:\/\/ambbaku.esteri.it\/wp-content\/themes\/sedi-tema\/assets\/svg\/sprites.svg#it-arrow-right\"><\/use>\n                                    <\/svg>\n                                <\/a>\n                                                    <\/div>\n                    <\/div>\n                <\/div>\n                <!--end card-->\n                <\/div><!-- col-12 .mt-3-->\n            \n            <div class=\"col-md-12 mt-4 pb-4\">\n                <nav class=\"navigation col-md-12\" aria-label=\"Navigation\">\n                    <h2 class=\"screen-reader-text visually-hidden\">Pagination<\/h2>\n                    <div class=\"nav-links\">\n                    <span aria-current=\"page\" class=\"page-numbers current\">1<\/span>\n<a class=\"page-numbers\" href=\"https:\/\/ambbaku.esteri.it\/az\/wp-json\/wp\/v2\/pages\/224\/?pag=2\">2<\/a>\n<a class=\"page-numbers\" href=\"https:\/\/ambbaku.esteri.it\/az\/wp-json\/wp\/v2\/pages\/224\/?pag=3\">3<\/a>\n<span class=\"page-numbers dots\">&hellip;<\/span>\n<a class=\"page-numbers\" href=\"https:\/\/ambbaku.esteri.it\/az\/wp-json\/wp\/v2\/pages\/224\/?pag=11\">11<\/a>\n<a class=\"next page-numbers\" href=\"https:\/\/ambbaku.esteri.it\/az\/wp-json\/wp\/v2\/pages\/224\/?pag=2\"><svg class=\"icon icon-primary\"><use xlink:href=\"https:\/\/ambbaku.esteri.it\/wp-content\/themes\/sedi-tema\/assets\/svg\/sprites.svg#it-chevron-right\"><\/use><\/svg>\n                                    <span class=\"visually-hidden\">N\u00f6vb\u0259ti s\u0259hif\u0259<\/span><\/a>                    <\/div>\n                <\/nav>\n            <\/div>   <!--.col-md-12 -->\n              <\/div><!--.row -->\n              \n","protected":false},"excerpt":{"rendered":"","protected":false},"author":1,"featured_media":0,"parent":222,"menu_order":0,"comment_status":"closed","ping_status":"closed","template":"","meta":{"footnotes":""},"class_list":["post-224","page","type-page","status-publish","hentry"],"_links":{"self":[{"href":"https:\/\/ambbaku.esteri.it\/az\/wp-json\/wp\/v2\/pages\/224","targetHints":{"allow":["GET"]}}],"collection":[{"href":"https:\/\/ambbaku.esteri.it\/az\/wp-json\/wp\/v2\/pages"}],"about":[{"href":"https:\/\/ambbaku.esteri.it\/az\/wp-json\/wp\/v2\/types\/page"}],"author":[{"embeddable":true,"href":"https:\/\/ambbaku.esteri.it\/az\/wp-json\/wp\/v2\/users\/1"}],"replies":[{"embeddable":true,"href":"https:\/\/ambbaku.esteri.it\/az\/wp-json\/wp\/v2\/comments?post=224"}],"version-history":[{"count":1,"href":"https:\/\/ambbaku.esteri.it\/az\/wp-json\/wp\/v2\/pages\/224\/revisions"}],"predecessor-version":[{"id":231,"href":"https:\/\/ambbaku.esteri.it\/az\/wp-json\/wp\/v2\/pages\/224\/revisions\/231"}],"up":[{"embeddable":true,"href":"https:\/\/ambbaku.esteri.it\/az\/wp-json\/wp\/v2\/pages\/222"}],"wp:attachment":[{"href":"https:\/\/ambbaku.esteri.it\/az\/wp-json\/wp\/v2\/media?parent=224"}],"curies":[{"name":"wp","href":"https:\/\/api.w.org\/{rel}","templated":true}]}}